{"id":18198,"date":"2026-09-03T10:38:54","date_gmt":"2026-09-03T10:38:54","guid":{"rendered":"https:\/\/www.valadascoriel.com\/?page_id=18198"},"modified":"2026-09-03T10:38:53","modified_gmt":"2026-09-03T10:38:53","slug":"raquel-ferreira-vieira","status":"publish","type":"page","link":"https:\/\/www.valadascoriel.com\/pt-pt\/sociedade\/equipa\/raquel-ferreira-vieira\/","title":{"rendered":"Raquel Ferreira Vieira"},"content":{"rendered":"<div class=\"wp-bootstrap-blocks-row row\">\n\t\n\n<div class=\"col-12 col-md-3\">\n\t\t\t\n\n<p class=\"wp-block-paragraph\"><strong>Contacto<br \/><\/strong><a href=\"mailto:raquel.vieira@valadascoriel.com\">raquel.vieira@valadascoriel.com<\/a><\/p>\n\n\n\n<div class=\"wp-block-outermost-icon-block\"><a class=\"icon-container has-icon-color has-dark-color\" href=\"https:\/\/www.linkedin.com\/in\/raquel-ferreira-vieira-06b4a46b\/\" target=\"_blank\" rel=\"noreferrer noopener\" style=\"color:#1f1f1f;width:2em;transform:rotate(0deg) scaleX(1) scaleY(1)\"><svg xmlns=\"http:\/\/www.w3.org\/2000\/svg\" viewBox=\"0 0 24 24\" aria-hidden=\"true\"><path d=\"M19.7,3H4.3C3.582,3,3,3.582,3,4.3v15.4C3,20.418,3.582,21,4.3,21h15.4c0.718,0,1.3-0.582,1.3-1.3V4.3 C21,3.582,20.418,3,19.7,3z M8.339,18.338H5.667v-8.59h2.672V18.338z M7.004,8.574c-0.857,0-1.549-0.694-1.549-1.548 c0-0.855,0.691-1.548,1.549-1.548c0.854,0,1.547,0.694,1.547,1.548C8.551,7.881,7.858,8.574,7.004,8.574z M18.339,18.338h-2.669 v-4.177c0-0.996-0.017-2.278-1.387-2.278c-1.389,0-1.601,1.086-1.601,2.206v4.249h-2.667v-8.59h2.559v1.174h0.037 c0.356-0.675,1.227-1.387,2.526-1.387c2.703,0,3.203,1.779,3.203,4.092V18.338z\"><\/path><\/svg><\/a><\/div>\n\n\n\n<div style=\"height:40px\" aria-hidden=\"true\" class=\"wp-block-spacer\"><\/div>\n\n\t<\/div>\n\n\n\n<div class=\"col-12 col-md-8\">\n\t\t\t\n\n<p class=\"wp-block-paragraph\"><strong>Raquel Ferreira Vieira<\/strong>&nbsp;integrou a VCA em setembro de 2026 como&nbsp;<strong>Associada S\u00e9nior<\/strong>&nbsp;no Departamento de&nbsp;<strong>Contencioso e Arbitragem<\/strong>. Assessora clientes em contencioso civil e comercial, com especial enfoque em&nbsp;<strong>Direito da Fam\u00edlia e Sucess\u00f5es<\/strong>.<\/p>\n\n\n\n<p class=\"wp-block-paragraph\">Antes de se juntar \u00e0 VCA, a Raquel foi Advogada Associada S\u00e9nior na Miranda Alliance, no Departamento de P\u00fablico, prestando assessoria jur\u00eddica a empresas nacionais e internacionais em&nbsp;<strong>contrata\u00e7\u00e3o p\u00fablica, ambiente e direito administrativo<\/strong>, em Portugal e Angola.&nbsp;Trabalhou anteriormente durante v\u00e1rios anos na AVM Advogados Legal Network, primeiro como Advogada Associada e depois como Associada S\u00e9nior, na \u00e1rea de&nbsp;<strong>contencioso civil e societ\u00e1rio<\/strong>, incluindo&nbsp;<strong>contratos, fam\u00edlia e sucess\u00f5es e insolv\u00eancia<\/strong>, tendo iniciado o seu percurso profissional na Garrigues, no Departamento de Contencioso e Arbitragem, e, previamente,&nbsp;na Galp Energia.&nbsp;<\/p>\n\n\n\n<p class=\"wp-block-paragraph\">Em paralelo com a advocacia, Raquel \u00e9&nbsp;<strong>Assistente Convidada<\/strong><strong>&nbsp;e, mais recentemente, Professora Auxiliar Convidada<\/strong>&nbsp;na Escola de Direito de Lisboa da&nbsp;<strong>Universidade Cat\u00f3lica Portuguesa<\/strong>&nbsp;desde 2020, onde leciona Direito da Fam\u00edlia, Filia\u00e7\u00e3o e Responsabilidades Parentais, bem como Direito das Sucess\u00f5es e outras disciplinas inseridas no dom\u00ednio do Direito Civil. \u00c9, ainda,&nbsp;<strong>Investigadora J\u00fanior<\/strong>&nbsp;na Faculdade de Direito da&nbsp;<strong>Universidade do Porto<\/strong>, institui\u00e7\u00e3o onde, para al\u00e9m dos graus de Licenciada e Mestre em Direito, obteve, este ano, o seu Doutoramento com distin\u00e7\u00e3o.&nbsp;A sua disserta\u00e7\u00e3o respeita ao tema gesta\u00e7\u00e3o de substitui\u00e7\u00e3o, a cuja investiga\u00e7\u00e3o dedicou os \u00faltimos cinco anos.<\/p>\n\n\n\n<p class=\"wp-block-paragraph\">A Raquel tem um interesse particular por Direito da Fam\u00edlia&nbsp;e das Sucess\u00f5es, tendo lecionado e publicado sobre gesta\u00e7\u00e3o de substitui\u00e7\u00e3o, entre outros temas, bem como sobre arbitragem internacional.&nbsp;O seu percurso acad\u00e9mico e profissional confere-lhe uma&nbsp;<strong>perspetiva distintiva&nbsp;<\/strong>no contencioso relacionado com mat\u00e9rias de fam\u00edlia e sucess\u00f5es, aliando experi\u00eancia de litig\u00e2ncia a um trabalho de investiga\u00e7\u00e3o jur\u00eddica aprofundado.<\/p>\n\n\n\n<div style=\"height:10px\" aria-hidden=\"true\" class=\"wp-block-spacer\"><\/div>\n\n\n\n<h6 class=\"wp-block-heading has-primary-color has-text-color\"><strong>\u00c1reas de Actividade<\/strong><\/h6>\n\n\n\n<p class=\"wp-block-paragraph\">Contencioso e Arbitragem<\/p>\n\n\n\n<div style=\"height:10px\" aria-hidden=\"true\" class=\"wp-block-spacer\"><\/div>\n\n\n\n<h6 class=\"wp-block-heading has-primary-color has-text-color\"><strong>Forma\u00e7\u00e3o Acad\u00e9mica<\/strong><\/h6>\n\n\n\n<p class=\"wp-block-paragraph\">Doutoramento em Direito \u2013 Faculdade de Direito da Universidade do Porto (2020\u20132026)<br \/>Mestrado em Ci\u00eancias Jur\u00eddico-Privat\u00edsticas \u2013 Faculdade de Direito da Universidade do Porto (2015)<br \/>Licenciatura em Direito \u2013 Faculdade de Direito da Universidade do Porto (2013)<\/p>\n\n\n\n<div style=\"height:10px\" aria-hidden=\"true\" class=\"wp-block-spacer\"><\/div>\n\n\n\n<h6 class=\"wp-block-heading has-primary-color has-text-color\"><strong>Associa\u00e7\u00f5es Profissionais<\/strong><\/h6>\n\n\n\n<p class=\"wp-block-paragraph\">Ordem dos Advogados<\/p>\n\n\n\n<div style=\"height:10px\" aria-hidden=\"true\" class=\"wp-block-spacer\"><\/div>\n\n\n\n<h6 class=\"wp-block-heading has-primary-color has-text-color\"><strong>L\u00ednguas<\/strong><\/h6>\n\n\n\n<p class=\"wp-block-paragraph\">Portugu\u00eas, Espanhol e Ingl\u00eas<\/p>\n\n\n\n<div style=\"height:10px\" aria-hidden=\"true\" class=\"wp-block-spacer\"><\/div>\n\n\n\n<h6 class=\"wp-block-heading has-primary-color has-text-color\"><strong>Publica\u00e7\u00f5es<\/strong><\/h6>\n\n\n\n<p class=\"wp-block-paragraph\">&#8211; &#8220;O Estatuto do Cuidador Informal: quo vadis?&#8221;, Jornal da Comunidade Cient\u00edfica de L\u00edngua Portuguesa &#8220;A P\u00e1tria&#8221; (mar\u00e7o de 2021)<br \/>&#8211; &#8220;The bilateral Investment Treaty between Portugal and Angola: The Story of a difficult but successful birth&#8221; (coautoria), Young Arbitration Review \u2013 YAR (julho de 2020)<br \/>&#8211; &#8220;Recognition and Enforcement of Foreign Arbitral Awards in Angola and Mozambique&#8221;, Young Arbitration Review \u2013 YAR (outubro de 2019)<\/p>\n\n\n\n<div style=\"height:10px\" aria-hidden=\"true\" class=\"wp-block-spacer\"><\/div>\n\n\n\n<h6 class=\"wp-block-heading has-primary-color has-text-color\"><strong>Oradora<\/strong><\/h6>\n\n\n\n<p class=\"wp-block-paragraph\">&#8211; Leciona\u00e7\u00e3o sobre Gesta\u00e7\u00e3o de Substitui\u00e7\u00e3o, 3.\u00ba Curso de P\u00f3s-Gradua\u00e7\u00e3o &#8220;O Novo Direito das Crian\u00e7as e Jovens \u2013 Prof. Doutor Guilherme de Oliveira&#8221;, Faculdade de Direito da Universidade de Coimbra (novembro de 2025)<br \/>&#8211; Leciona\u00e7\u00e3o sobre Gesta\u00e7\u00e3o de Substitui\u00e7\u00e3o, 2.\u00ba Curso de P\u00f3s-Gradua\u00e7\u00e3o &#8220;O Novo Direito das Crian\u00e7as e Jovens \u2013 Prof. Doutor Guilherme de Oliveira&#8221;, Faculdade de Direito da Universidade de Coimbra (novembro de 2024)<br \/>&#8211; Arguente na Defesa de Tese de Mestrado de Miguel Henrique Coelho Gomes, Faculdade de Direito da Universidade do Porto (novembro de 2024)<br \/>&#8211; Oradora na Summer School sobre Gesta\u00e7\u00e3o de Substitui\u00e7\u00e3o, Escola de Direito da Universidade do Minho (julho de 2024)<br \/>&#8211; Oradora na Confer\u00eancia &#8220;Justi\u00e7a, Igualdade e G\u00e9nero na Fam\u00edlia&#8221;, Instituto Jur\u00eddico, Faculdade de Direito da Universidade de Coimbra (mar\u00e7o de 2024)<br \/>&#8211; Oradora no Workshop Anual de Inova\u00e7\u00e3o e Partilha Pedag\u00f3gica, Universidade do Porto (janeiro de 2014)<\/p>\n\n\t<\/div>\n\n<\/div>\n","protected":false},"excerpt":{"rendered":"","protected":false},"author":3,"featured_media":0,"parent":410,"menu_order":0,"comment_status":"closed","ping_status":"closed","template":"","meta":{"content-type":"","footnotes":""},"class_list":["post-18198","page","type-page","status-publish","hentry"],"yoast_head":"<!-- This site is optimized with the Yoast SEO Premium plugin v21.3 (Yoast SEO v26.1.1) - https:\/\/yoast.com\/wordpress\/plugins\/seo\/ -->\n<title>Raquel Ferreira Vieira - VCA - Valadas Coriel e Associados<\/title>\n<meta name=\"robots\" content=\"index, follow, max-snippet:-1, max-image-preview:large, max-video-preview:-1\" \/>\n<link rel=\"canonical\" href=\"https:\/\/www.valadascoriel.com\/pt-pt\/sociedade\/equipa\/raquel-ferreira-vieira\/\" \/>\n<meta property=\"og:locale\" content=\"pt_PT\" \/>\n<meta property=\"og:type\" content=\"article\" \/>\n<meta property=\"og:title\" content=\"Raquel Ferreira Vieira\" \/>\n<meta property=\"og:url\" content=\"https:\/\/www.valadascoriel.com\/pt-pt\/sociedade\/equipa\/raquel-ferreira-vieira\/\" \/>\n<meta property=\"og:site_name\" content=\"VCA - Valadas Coriel e Associados\" \/>\n<meta property=\"article:publisher\" content=\"https:\/\/www.facebook.com\/ValadasCoriel\/\" \/>\n<meta name=\"twitter:card\" content=\"summary_large_image\" \/>\n<meta name=\"twitter:site\" content=\"@valadascoriel\" \/>\n<meta name=\"twitter:label1\" content=\"Tempo estimado de leitura\" \/>\n\t<meta name=\"twitter:data1\" content=\"3 minutos\" \/>\n<script type=\"application\/ld+json\" class=\"yoast-schema-graph\">{\"@context\":\"https:\/\/schema.org\",\"@graph\":[{\"@type\":\"WebPage\",\"@id\":\"https:\/\/www.valadascoriel.com\/pt-pt\/sociedade\/equipa\/raquel-ferreira-vieira\/\",\"url\":\"https:\/\/www.valadascoriel.com\/pt-pt\/sociedade\/equipa\/raquel-ferreira-vieira\/\",\"name\":\"Raquel Ferreira Vieira - VCA - Valadas Coriel e Associados\",\"isPartOf\":{\"@id\":\"https:\/\/www.valadascoriel.com\/#website\"},\"datePublished\":\"2026-09-03T10:38:54+00:00\",\"breadcrumb\":{\"@id\":\"https:\/\/www.valadascoriel.com\/pt-pt\/sociedade\/equipa\/raquel-ferreira-vieira\/#breadcrumb\"},\"inLanguage\":\"pt-PT\",\"potentialAction\":[{\"@type\":\"ReadAction\",\"target\":[\"https:\/\/www.valadascoriel.com\/pt-pt\/sociedade\/equipa\/raquel-ferreira-vieira\/\"]}]},{\"@type\":\"BreadcrumbList\",\"@id\":\"https:\/\/www.valadascoriel.com\/pt-pt\/sociedade\/equipa\/raquel-ferreira-vieira\/#breadcrumb\",\"itemListElement\":[{\"@type\":\"ListItem\",\"position\":1,\"name\":\"In\u00edcio\",\"item\":\"https:\/\/www.valadascoriel.com\/pt-pt\/\"},{\"@type\":\"ListItem\",\"position\":2,\"name\":\"A Sociedade\",\"item\":\"https:\/\/www.valadascoriel.com\/pt-pt\/sociedade\/\"},{\"@type\":\"ListItem\",\"position\":3,\"name\":\"Equipa\",\"item\":\"https:\/\/www.valadascoriel.com\/pt-pt\/sociedade\/equipa\/\"},{\"@type\":\"ListItem\",\"position\":4,\"name\":\"Raquel Ferreira Vieira\"}]},{\"@type\":\"WebSite\",\"@id\":\"https:\/\/www.valadascoriel.com\/#website\",\"url\":\"https:\/\/www.valadascoriel.com\/\",\"name\":\"Valadas Coriel & Associados\",\"description\":\"A versatile legal firm combining experience, expertise &amp; creativity.\",\"publisher\":{\"@id\":\"https:\/\/www.valadascoriel.com\/#organization\"},\"potentialAction\":[{\"@type\":\"SearchAction\",\"target\":{\"@type\":\"EntryPoint\",\"urlTemplate\":\"https:\/\/www.valadascoriel.com\/?s={search_term_string}\"},\"query-input\":{\"@type\":\"PropertyValueSpecification\",\"valueRequired\":true,\"valueName\":\"search_term_string\"}}],\"inLanguage\":\"pt-PT\"},{\"@type\":\"Organization\",\"@id\":\"https:\/\/www.valadascoriel.com\/#organization\",\"name\":\"Valadas Coriel & Associados\",\"alternateName\":\"VCA\",\"url\":\"https:\/\/www.valadascoriel.com\/\",\"logo\":{\"@type\":\"ImageObject\",\"inLanguage\":\"pt-PT\",\"@id\":\"https:\/\/www.valadascoriel.com\/#\/schema\/logo\/image\/\",\"url\":\"https:\/\/www.valadascoriel.com\/wp-content\/uploads\/2023\/03\/cropped-favicon-1.png\",\"contentUrl\":\"https:\/\/www.valadascoriel.com\/wp-content\/uploads\/2023\/03\/cropped-favicon-1.png\",\"width\":512,\"height\":512,\"caption\":\"Valadas Coriel & Associados\"},\"image\":{\"@id\":\"https:\/\/www.valadascoriel.com\/#\/schema\/logo\/image\/\"},\"sameAs\":[\"https:\/\/www.facebook.com\/ValadasCoriel\/\",\"https:\/\/x.com\/valadascoriel\",\"https:\/\/pt.linkedin.com\/company\/vca-valadas-coriel-associados\",\"https:\/\/www.youtube.com\/channel\/UCic8dCFjoTtH5u890aEcW5Q\"]}]}<\/script>\n<!-- \/ Yoast SEO Premium plugin. -->","yoast_head_json":{"title":"Raquel Ferreira Vieira - VCA - Valadas Coriel e Associados","robots":{"index":"index","follow":"follow","max-snippet":"max-snippet:-1","max-image-preview":"max-image-preview:large","max-video-preview":"max-video-preview:-1"},"canonical":"https:\/\/www.valadascoriel.com\/pt-pt\/sociedade\/equipa\/raquel-ferreira-vieira\/","og_locale":"pt_PT","og_type":"article","og_title":"Raquel Ferreira Vieira","og_url":"https:\/\/www.valadascoriel.com\/pt-pt\/sociedade\/equipa\/raquel-ferreira-vieira\/","og_site_name":"VCA - Valadas Coriel e Associados","article_publisher":"https:\/\/www.facebook.com\/ValadasCoriel\/","twitter_card":"summary_large_image","twitter_site":"@valadascoriel","twitter_misc":{"Tempo estimado de leitura":"3 minutos"},"schema":{"@context":"https:\/\/schema.org","@graph":[{"@type":"WebPage","@id":"https:\/\/www.valadascoriel.com\/pt-pt\/sociedade\/equipa\/raquel-ferreira-vieira\/","url":"https:\/\/www.valadascoriel.com\/pt-pt\/sociedade\/equipa\/raquel-ferreira-vieira\/","name":"Raquel Ferreira Vieira - VCA - Valadas Coriel e Associados","isPartOf":{"@id":"https:\/\/www.valadascoriel.com\/#website"},"datePublished":"2026-09-03T10:38:54+00:00","breadcrumb":{"@id":"https:\/\/www.valadascoriel.com\/pt-pt\/sociedade\/equipa\/raquel-ferreira-vieira\/#breadcrumb"},"inLanguage":"pt-PT","potentialAction":[{"@type":"ReadAction","target":["https:\/\/www.valadascoriel.com\/pt-pt\/sociedade\/equipa\/raquel-ferreira-vieira\/"]}]},{"@type":"BreadcrumbList","@id":"https:\/\/www.valadascoriel.com\/pt-pt\/sociedade\/equipa\/raquel-ferreira-vieira\/#breadcrumb","itemListElement":[{"@type":"ListItem","position":1,"name":"In\u00edcio","item":"https:\/\/www.valadascoriel.com\/pt-pt\/"},{"@type":"ListItem","position":2,"name":"A Sociedade","item":"https:\/\/www.valadascoriel.com\/pt-pt\/sociedade\/"},{"@type":"ListItem","position":3,"name":"Equipa","item":"https:\/\/www.valadascoriel.com\/pt-pt\/sociedade\/equipa\/"},{"@type":"ListItem","position":4,"name":"Raquel Ferreira Vieira"}]},{"@type":"WebSite","@id":"https:\/\/www.valadascoriel.com\/#website","url":"https:\/\/www.valadascoriel.com\/","name":"Valadas Coriel & Associados","description":"A versatile legal firm combining experience, expertise &amp; creativity.","publisher":{"@id":"https:\/\/www.valadascoriel.com\/#organization"},"potentialAction":[{"@type":"SearchAction","target":{"@type":"EntryPoint","urlTemplate":"https:\/\/www.valadascoriel.com\/?s={search_term_string}"},"query-input":{"@type":"PropertyValueSpecification","valueRequired":true,"valueName":"search_term_string"}}],"inLanguage":"pt-PT"},{"@type":"Organization","@id":"https:\/\/www.valadascoriel.com\/#organization","name":"Valadas Coriel & Associados","alternateName":"VCA","url":"https:\/\/www.valadascoriel.com\/","logo":{"@type":"ImageObject","inLanguage":"pt-PT","@id":"https:\/\/www.valadascoriel.com\/#\/schema\/logo\/image\/","url":"https:\/\/www.valadascoriel.com\/wp-content\/uploads\/2023\/03\/cropped-favicon-1.png","contentUrl":"https:\/\/www.valadascoriel.com\/wp-content\/uploads\/2023\/03\/cropped-favicon-1.png","width":512,"height":512,"caption":"Valadas Coriel & Associados"},"image":{"@id":"https:\/\/www.valadascoriel.com\/#\/schema\/logo\/image\/"},"sameAs":["https:\/\/www.facebook.com\/ValadasCoriel\/","https:\/\/x.com\/valadascoriel","https:\/\/pt.linkedin.com\/company\/vca-valadas-coriel-associados","https:\/\/www.youtube.com\/channel\/UCic8dCFjoTtH5u890aEcW5Q"]}]}},"_links":{"self":[{"href":"https:\/\/www.valadascoriel.com\/pt-pt\/wp-json\/wp\/v2\/pages\/18198","targetHints":{"allow":["GET"]}}],"collection":[{"href":"https:\/\/www.valadascoriel.com\/pt-pt\/wp-json\/wp\/v2\/pages"}],"about":[{"href":"https:\/\/www.valadascoriel.com\/pt-pt\/wp-json\/wp\/v2\/types\/page"}],"author":[{"embeddable":true,"href":"https:\/\/www.valadascoriel.com\/pt-pt\/wp-json\/wp\/v2\/users\/3"}],"replies":[{"embeddable":true,"href":"https:\/\/www.valadascoriel.com\/pt-pt\/wp-json\/wp\/v2\/comments?post=18198"}],"version-history":[{"count":1,"href":"https:\/\/www.valadascoriel.com\/pt-pt\/wp-json\/wp\/v2\/pages\/18198\/revisions"}],"predecessor-version":[{"id":18200,"href":"https:\/\/www.valadascoriel.com\/pt-pt\/wp-json\/wp\/v2\/pages\/18198\/revisions\/18200"}],"up":[{"embeddable":true,"href":"https:\/\/www.valadascoriel.com\/pt-pt\/wp-json\/wp\/v2\/pages\/410"}],"wp:attachment":[{"href":"https:\/\/www.valadascoriel.com\/pt-pt\/wp-json\/wp\/v2\/media?parent=18198"}],"curies":[{"name":"wp","href":"https:\/\/api.w.org\/{rel}","templated":true}]}}